{"id":55,"date":"2024-04-02T11:59:33","date_gmt":"2024-04-02T11:59:33","guid":{"rendered":"https:\/\/severnisij.si\/?page_id=55"},"modified":"2025-08-18T22:45:58","modified_gmt":"2025-08-18T22:45:58","slug":"videnja-severnega-sija-iz-slovenije","status":"publish","type":"page","link":"https:\/\/severnisij.si\/index.php\/videnja-severnega-sija-iz-slovenije\/","title":{"rendered":"Videnja severnega sija v Sloveniji"},"content":{"rendered":"\n<p style=\"font-size:16px\">Videnja severnega sija v Sloveniji so do nedavnega bila redka, v zadnjih letih pa postajajo vse pogostej\u0161a. Na tej strani so zbrana videnja severnega sija v Sloveniji od prve polovice 20. stoletja naprej. Stran sproti nadgrajujemo z novimi poro\u010dili in pri\u010devanji.<\/p>\n\n\n<div class=\"wp-block-image\">\n<figure class=\"aligncenter size-full\"><img fetchpriority=\"high\" decoding=\"async\" width=\"589\" height=\"393\" src=\"https:\/\/severnisij.si\/wp-content\/uploads\/2024\/05\/JavorKac_severni_sij_20november2003_6.jpg\" alt=\"Videnja severnega sija v Sloveniji, 20. november 2003, Radmirje pri Ljubnem ob Savinji. Foto: Javor Kac.\" class=\"wp-image-1164\" srcset=\"https:\/\/severnisij.si\/wp-content\/uploads\/2024\/05\/JavorKac_severni_sij_20november2003_6.jpg 589w, https:\/\/severnisij.si\/wp-content\/uploads\/2024\/05\/JavorKac_severni_sij_20november2003_6-300x200.jpg 300w\" sizes=\"(max-width: 589px) 100vw, 589px\" \/><\/figure>\n<\/div>\n\n\n<p class=\"has-text-align-center has-small-font-size\"><em>Videnja severnega sija v Sloveniji &#8211; 20. november 2003. Foto:<a href=\"https:\/\/www.youtube.com\/@SloveniaSkies\"> Javor Kac &#8211; Skies of Slovenia<\/a>.<\/em><\/p>\n\n\n\n<h2 class=\"wp-block-heading\">25. son\u010dev cikel (2020 &#8211; ?)<\/h2>\n\n\n\n<p style=\"font-size:16px\">Pogosta videnja severnega sija so posledica se\u0161tevanja ve\u010d vplivnih faktorjev: bolj aktivnega son\u010devega cikla, bolj\u0161e dostopnosti podatkov in vse ve\u010d izku\u0161enj. 25. son\u010dev cikel je bistveno bolj aktiven od 24. cikla. Podatki so brez te\u017eav dostopni z mobilnimi telefoni in s tem na terenu, verjetno najpomembnej\u0161e pa so izku\u0161nje. Nau\u010dili smo se, da v ugodnih pogojih severni sij v Sloveniji lahko vidimo celo med \u0161ibkimi geomagnetnimi viharji kategorije G1. Najlep\u0161i severni sij 25. son\u010devega cikla doslej je bil <a href=\"https:\/\/severnisij.si\/index.php\/2024\/05\/16\/severni-sij-10-maja-2024\/\">10. maja 2024<\/a>.<\/p>\n\n\n\n<ul class=\"wp-block-list\">\n<li class=\"has-medium-font-size\"><strong><a href=\"https:\/\/severnisij.si\/index.php\/2025\/06\/17\/severni-sij-13-junija-2025\/\">13. junij 2025<\/a><\/strong><\/li>\n\n\n\n<li class=\"has-medium-font-size\"><strong><a href=\"https:\/\/severnisij.si\/index.php\/2025\/06\/03\/severni-sij-2-junija-2025\/\">2. junij 2025<\/a><\/strong><\/li>\n\n\n\n<li class=\"has-medium-font-size\"><a href=\"https:\/\/severnisij.si\/index.php\/2025\/05\/03\/severni-sij-2-maja-2025\/\"><strong>2. maj 2025<\/strong><\/a><\/li>\n\n\n\n<li class=\"has-medium-font-size\"><strong><a href=\"https:\/\/severnisij.si\/index.php\/2025\/04\/17\/severni-sij-15-aprila-2025\/\">15. april 2025<\/a><\/strong><\/li>\n\n\n\n<li class=\"has-medium-font-size\"><strong><a href=\"https:\/\/severnisij.si\/index.php\/2025\/01\/05\/severni-sij-1-januarja-2025\/\" data-type=\"link\" data-id=\"https:\/\/severnisij.si\/index.php\/2025\/01\/05\/severni-sij-1-januarja-2025\/\">1. januar 2025<\/a><\/strong><\/li>\n\n\n\n<li class=\"has-medium-font-size\"><strong><a href=\"https:\/\/severnisij.si\/index.php\/2025\/01\/05\/severni-sij-31-decembra-2024\/\" data-type=\"link\" data-id=\"https:\/\/severnisij.si\/index.php\/2025\/01\/05\/severni-sij-31-decembra-2024\/\">31. december 2024<\/a><\/strong><\/li>\n\n\n\n<li class=\"has-medium-font-size\"><strong><a href=\"https:\/\/severnisij.si\/index.php\/2024\/11\/11\/severni-sij-9-novembra-2024\/\">9. november 2024<\/a><\/strong><\/li>\n\n\n\n<li class=\"has-medium-font-size\"><strong><a href=\"https:\/\/severnisij.si\/index.php\/2024\/11\/08\/severni-sij-26-oktobra-2024\/\" data-type=\"link\" data-id=\"https:\/\/severnisij.si\/index.php\/2024\/11\/08\/severni-sij-26-oktobra-2024\/\">26. oktober 2024<\/a><\/strong><\/li>\n\n\n\n<li class=\"has-medium-font-size\"><strong><a href=\"https:\/\/severnisij.si\/index.php\/2024\/10\/22\/severni-sij-10-oktobra-2024\/\" data-type=\"link\" data-id=\"https:\/\/severnisij.si\/index.php\/2024\/10\/22\/severni-sij-10-oktobra-2024\/\">10. oktober 2024<\/a><\/strong><\/li>\n\n\n\n<li class=\"has-medium-font-size\"><strong><a href=\"https:\/\/severnisij.si\/index.php\/2024\/10\/10\/severni-sij-8-oktobra-2024\/\" data-type=\"link\" data-id=\"https:\/\/severnisij.si\/index.php\/2024\/10\/10\/severni-sij-8-oktobra-2024\/\">8. oktober 2024<\/a><\/strong><\/li>\n\n\n\n<li class=\"has-medium-font-size\"><strong><a href=\"https:\/\/severnisij.si\/index.php\/2024\/10\/10\/severni-sij-7-oktobra-2024\/\" data-type=\"link\" data-id=\"https:\/\/severnisij.si\/index.php\/2024\/10\/10\/severni-sij-7-oktobra-2024\/\">7. oktober 2024<\/a><\/strong><\/li>\n\n\n\n<li class=\"has-medium-font-size\"><strong><a href=\"https:\/\/severnisij.si\/index.php\/2024\/09\/21\/severni-sij-30-avgusta-2024\/\" data-type=\"link\" data-id=\"https:\/\/severnisij.si\/index.php\/2024\/09\/21\/severni-sij-30-avgusta-2024\/\">30. avgust 2024<\/a><\/strong><\/li>\n\n\n\n<li class=\"has-medium-font-size\"><strong><a href=\"https:\/\/severnisij.si\/index.php\/2024\/09\/21\/severni-sij-14-avgusta-2024\/\" data-type=\"link\" data-id=\"https:\/\/severnisij.si\/index.php\/2024\/09\/21\/severni-sij-14-avgusta-2024\/\">14. avgust 2024<\/a><\/strong><\/li>\n\n\n\n<li class=\"has-medium-font-size\"><strong><a href=\"https:\/\/severnisij.si\/index.php\/2024\/09\/21\/severni-sij-13-avgusta-2024\/\" data-type=\"link\" data-id=\"https:\/\/severnisij.si\/index.php\/2024\/09\/21\/severni-sij-13-avgusta-2024\/\">13. avgust 2024<\/a><\/strong><\/li>\n\n\n\n<li class=\"has-medium-font-size\"><strong><a href=\"https:\/\/severnisij.si\/index.php\/2024\/08\/13\/severni-sij-12-avgusta-2024\/\" data-type=\"link\" data-id=\"https:\/\/severnisij.si\/index.php\/2024\/08\/13\/severni-sij-12-avgusta-2024\/\">12. avgust 2024<\/a><\/strong><\/li>\n\n\n\n<li class=\"has-medium-font-size\"><strong><a href=\"https:\/\/severnisij.si\/index.php\/2024\/05\/18\/severni-sij-17-maja-2024\/\" data-type=\"link\" data-id=\"https:\/\/severnisij.si\/index.php\/2024\/05\/18\/severni-sij-17-maja-2024\/\">27. maj 2024<\/a><\/strong><\/li>\n\n\n\n<li class=\"has-medium-font-size\"><strong><a href=\"https:\/\/severnisij.si\/index.php\/2024\/05\/16\/severni-sij-11-maja-2024\/\" data-type=\"link\" data-id=\"https:\/\/severnisij.si\/index.php\/2024\/05\/16\/severni-sij-11-maja-2024\/\">11. maj 2024<\/a><\/strong><\/li>\n\n\n\n<li class=\"has-medium-font-size\"><strong><a href=\"https:\/\/severnisij.si\/index.php\/2024\/05\/16\/severni-sij-10-maja-2024\/\" data-type=\"link\" data-id=\"https:\/\/severnisij.si\/index.php\/2024\/05\/16\/severni-sij-10-maja-2024\/\">10. maj 2024<\/a><\/strong><\/li>\n\n\n\n<li class=\"has-medium-font-size\"><strong><a href=\"https:\/\/severnisij.si\/index.php\/2024\/05\/07\/severni-sij-5-maja-2024\/\" data-type=\"link\" data-id=\"https:\/\/severnisij.si\/index.php\/2024\/05\/07\/severni-sij-5-maja-2024\/\">5. maj 2024<\/a><\/strong><\/li>\n\n\n\n<li class=\"has-medium-font-size\"><strong><a href=\"https:\/\/severnisij.si\/index.php\/2024\/04\/21\/severni-sij-19-aprila-2024\/\" data-type=\"link\" data-id=\"https:\/\/severnisij.si\/index.php\/2024\/04\/21\/severni-sij-19-aprila-2024\/\">19. april 2024<\/a><\/strong><\/li>\n\n\n\n<li class=\"has-medium-font-size\"><strong><a href=\"https:\/\/severnisij.si\/index.php\/2024\/04\/03\/severni-sij-1-decembra-2023\/\" data-type=\"link\" data-id=\"https:\/\/severnisij.si\/index.php\/2024\/04\/03\/severni-sij-1-decembra-2023\/\">1. december 2023<\/a><\/strong><\/li>\n\n\n\n<li class=\"has-medium-font-size\"><strong><a href=\"https:\/\/severnisij.si\/index.php\/2024\/04\/03\/severni-sij-25-novembra-2023\/\" data-type=\"link\" data-id=\"https:\/\/severnisij.si\/index.php\/2024\/04\/03\/severni-sij-25-novembra-2023\/\">25. november 2023<\/a><\/strong><\/li>\n\n\n\n<li class=\"has-medium-font-size\"><strong><a href=\"https:\/\/severnisij.si\/index.php\/2024\/04\/03\/severni-sij-5-novembra-2023\/\" data-type=\"link\" data-id=\"https:\/\/severnisij.si\/index.php\/2024\/04\/03\/severni-sij-5-novembra-2023\/\">5. november 2023<\/a><\/strong><\/li>\n\n\n\n<li class=\"has-medium-font-size\"><strong><a href=\"https:\/\/severnisij.si\/index.php\/2024\/04\/03\/severni-sij-25-septembra-2023\/\" data-type=\"link\" data-id=\"https:\/\/severnisij.si\/index.php\/2024\/04\/03\/severni-sij-25-septembra-2023\/\">25. september 2023<\/a><\/strong><\/li>\n\n\n\n<li class=\"has-medium-font-size\"><strong><a href=\"https:\/\/severnisij.si\/index.php\/2024\/04\/03\/severni-sij-12-septembra-2023\/\" data-type=\"link\" data-id=\"https:\/\/severnisij.si\/index.php\/2024\/04\/03\/severni-sij-12-septembra-2023\/\">12. september 2023<\/a><\/strong><\/li>\n\n\n\n<li class=\"has-medium-font-size\"><strong><a href=\"https:\/\/severnisij.si\/index.php\/2024\/04\/03\/severni-sij-25-junija-2023\/\" data-type=\"link\" data-id=\"https:\/\/severnisij.si\/index.php\/2024\/04\/03\/severni-sij-25-junija-2023\/\">25. junij 2023<\/a><\/strong><\/li>\n\n\n\n<li class=\"has-medium-font-size\"><strong><a href=\"https:\/\/severnisij.si\/index.php\/2024\/04\/03\/severni-sij-23-aprila-2023\/\" data-type=\"link\" data-id=\"https:\/\/severnisij.si\/index.php\/2024\/04\/03\/severni-sij-23-aprila-2023\/\">23. april 2023<\/a><\/strong><\/li>\n\n\n\n<li class=\"has-medium-font-size\"><strong><a href=\"https:\/\/severnisij.si\/index.php\/2024\/04\/03\/severni-sij-23-marca-2023\/\" data-type=\"link\" data-id=\"https:\/\/severnisij.si\/index.php\/2024\/04\/03\/severni-sij-23-marca-2023\/\">23. marec 2023<\/a><\/strong><\/li>\n<\/ul>\n\n\n\n<h2 class=\"wp-block-heading\">24. son\u010dev cikel (2008-2020)<\/h2>\n\n\n\n<p style=\"font-size:16px\">24. cikel je bil naj\u0161ibkej\u0161i son\u010dev cikel v zadnjih 100 letih. Nizka son\u010deva aktivnost se je kazala tudi v manj\u0161em \u0161tevilu mo\u010dnih geomagnetnih viharjev, videnja severnega sija v Sloveniji so bila bolj redka. Velikih geomagnetnih viharjev, kakr\u0161nih smo bili vajeni iz 23. cikla ni bilo. A z la\u017eje dostopnimi podatki o son\u010devem vetru in geomagnetni aktivnosti smo severni sij ujeli tudi med \u0161ibkej\u0161imi geomagnetnimi viharji, med kakr\u0161nimi prej severnega sija sploh nismo lovili. Najlep\u0161i severni sij 24. son\u010devega cikla je bil <a href=\"https:\/\/severnisij.si\/index.php\/2024\/04\/03\/severni-sij-17-marca-2015\/\">17. marca 2015<\/a>.<\/p>\n\n\n\n<ul class=\"wp-block-list\">\n<li class=\"has-medium-font-size\"><strong><a href=\"https:\/\/severnisij.si\/index.php\/2024\/04\/03\/severni-sij-16-julija-2017\/\" data-type=\"link\" data-id=\"https:\/\/severnisij.si\/index.php\/2024\/04\/03\/severni-sij-16-julija-2017\/\">16. julij 2017<\/a><\/strong><\/li>\n\n\n\n<li class=\"has-medium-font-size\"><strong><a href=\"https:\/\/severnisij.si\/index.php\/2024\/04\/03\/severni-sij-21-decembra-2015\/\" data-type=\"link\" data-id=\"https:\/\/severnisij.si\/index.php\/2024\/04\/03\/severni-sij-21-decembra-2015\/\">21. december 2015<\/a><\/strong><\/li>\n\n\n\n<li class=\"has-medium-font-size\"><strong><a href=\"https:\/\/severnisij.si\/index.php\/2024\/04\/03\/severni-sij-17-marca-2015\/\" data-type=\"link\" data-id=\"https:\/\/severnisij.si\/index.php\/2024\/04\/03\/severni-sij-17-marca-2015\/\">17. marec 2015<\/a><\/strong><\/li>\n\n\n\n<li class=\"has-medium-font-size\"><strong><a href=\"https:\/\/severnisij.si\/index.php\/2024\/04\/03\/severni-sij-27-februarja-2014\/\" data-type=\"link\" data-id=\"https:\/\/severnisij.si\/index.php\/2024\/04\/03\/severni-sij-27-februarja-2014\/\">28. februar 2014<\/a><\/strong><\/li>\n\n\n\n<li class=\"has-medium-font-size\"><strong><a href=\"https:\/\/severnisij.si\/index.php\/2024\/04\/03\/severni-sij-26-septembra-2011\/\" data-type=\"link\" data-id=\"https:\/\/severnisij.si\/index.php\/2024\/04\/03\/severni-sij-26-septembra-2011\/\">26. september 2011<\/a><\/strong><\/li>\n\n\n\n<li class=\"has-medium-font-size\"><strong><a href=\"https:\/\/severnisij.si\/index.php\/2024\/04\/03\/severni-sij-5-avgusta-2011\/\">5. avgust 2011<\/a><\/strong><\/li>\n<\/ul>\n\n\n\n<h2 class=\"wp-block-heading\">23. son\u010dev cikel (1996-2008)<\/h2>\n\n\n\n<p style=\"font-size:16px\">Med zelo aktivnim 23. son\u010devim ciklom smo v Sloveniji prvi\u010d aktivno lovili severni sij. Internet je prinesel dostop do podatkov, kriti\u010dnih za na\u010drtovanje lova. V 5 letih smo severni sij videli kar 9-krat, ve\u010dino med zelo mo\u010dnimi geomagnetnimi viharji. Najlep\u0161i severni siji so se pojavili <a href=\"https:\/\/severnisij.si\/index.php\/2024\/04\/03\/severni-sij-16-julija-2000\/\">16. julija 2000<\/a>, <a href=\"https:\/\/severnisij.si\/index.php\/2024\/04\/03\/severni-sij-30-oktobra-2003\/\">30. oktobra 2003<\/a> in <a href=\"https:\/\/severnisij.si\/index.php\/2024\/04\/03\/severni-sij-20-novembra-2003\/\">20. novembra 2003<\/a>.<\/p>\n\n\n\n<ul class=\"wp-block-list\">\n<li class=\"has-medium-font-size\"><strong><a href=\"https:\/\/severnisij.si\/index.php\/2024\/04\/03\/severni-sij-21-januarja-2005\/\" data-type=\"link\" data-id=\"https:\/\/severnisij.si\/index.php\/2024\/04\/03\/severni-sij-21-januarja-2005\/\">21. januar 2005<\/a><\/strong><\/li>\n\n\n\n<li class=\"has-medium-font-size\"><strong><a href=\"https:\/\/severnisij.si\/index.php\/2024\/04\/03\/severni-sij-9-novembra-2004\/\" data-type=\"link\" data-id=\"https:\/\/severnisij.si\/index.php\/2024\/04\/03\/severni-sij-9-novembra-2004\/\">9. november 2004<\/a><\/strong><\/li>\n\n\n\n<li class=\"has-medium-font-size\"><strong><a href=\"https:\/\/severnisij.si\/index.php\/2024\/04\/03\/severni-sij-8-novembra-2004\/\" data-type=\"link\" data-id=\"https:\/\/severnisij.si\/index.php\/2024\/04\/03\/severni-sij-8-novembra-2004\/\">8. november 2004<\/a><\/strong><\/li>\n\n\n\n<li class=\"has-medium-font-size\"><strong><a href=\"https:\/\/severnisij.si\/index.php\/2024\/04\/03\/severni-sij-20-novembra-2003\/\" data-type=\"link\" data-id=\"https:\/\/severnisij.si\/index.php\/2024\/04\/03\/severni-sij-20-novembra-2003\/\">20. november 2003<\/a><\/strong><\/li>\n\n\n\n<li class=\"has-medium-font-size\"><strong><a href=\"https:\/\/severnisij.si\/index.php\/2024\/04\/03\/severni-sij-30-oktobra-2003\/\" data-type=\"link\" data-id=\"https:\/\/severnisij.si\/index.php\/2024\/04\/03\/severni-sij-30-oktobra-2003\/\">30. oktober 2003<\/a><\/strong><\/li>\n\n\n\n<li class=\"has-medium-font-size\"><strong><a href=\"https:\/\/severnisij.si\/index.php\/2024\/04\/03\/severni-sij-27-maja-2003\/\" data-type=\"link\" data-id=\"https:\/\/severnisij.si\/index.php\/2024\/04\/03\/severni-sij-27-maja-2003\/\">27. maj 2003<\/a><\/strong><\/li>\n\n\n\n<li class=\"has-medium-font-size\"><strong><a href=\"https:\/\/severnisij.si\/index.php\/2024\/04\/03\/severni-sij-21-oktobra-2001\/\" data-type=\"link\" data-id=\"https:\/\/severnisij.si\/index.php\/2024\/04\/03\/severni-sij-21-oktobra-2001\/\">21. oktober 2001<\/a><\/strong><\/li>\n\n\n\n<li class=\"has-medium-font-size\"><a href=\"https:\/\/severnisij.si\/index.php\/2024\/04\/03\/severni-sij-16-julija-2000\/\" data-type=\"link\" data-id=\"https:\/\/severnisij.si\/index.php\/2024\/04\/03\/severni-sij-15-julija-2000\/\"><strong>16. julij 2000<\/strong><\/a><\/li>\n\n\n\n<li class=\"has-medium-font-size\"><strong><a href=\"https:\/\/severnisij.si\/index.php\/2024\/04\/03\/severni-sij-7-aprila-2000\/\" data-type=\"link\" data-id=\"https:\/\/severnisij.si\/index.php\/2024\/04\/03\/severni-sij-7-aprila-2000\/\">7. april 2000<\/a><\/strong><\/li>\n<\/ul>\n\n\n\n<h2 class=\"wp-block-heading\">Pred 23. son\u010devim ciklom (do leta 1996)<\/h2>\n\n\n\n<p style=\"font-size:16px\">Pred 23. son\u010devim ciklom so videnja severnega sija v Sloveniji bila povsem naklju\u010dna. Tako iz tega obdobja poznamo \u0161est opazovanj od leta 1859 naprej.<\/p>\n\n\n\n<ul class=\"wp-block-list\">\n<li class=\"has-medium-font-size\"><strong><a href=\"https:\/\/severnisij.si\/index.php\/2024\/04\/03\/severni-sij-20-februarja-1950\/\" data-type=\"link\" data-id=\"https:\/\/severnisij.si\/index.php\/2024\/04\/03\/severni-sij-20-februarja-1950\/\">20. februar 1950<\/a><\/strong><\/li>\n\n\n\n<li class=\"has-medium-font-size\"><strong><a href=\"https:\/\/severnisij.si\/index.php\/2024\/04\/03\/severni-sij-25-januarja-1938\/\">25. januar 1938<\/a><\/strong><\/li>\n\n\n\n<li class=\"has-medium-font-size\"><strong><a href=\"https:\/\/severnisij.si\/index.php\/2024\/04\/02\/severni-sij-7-julija-1872\/\">7. julij 1872<\/a><\/strong><\/li>\n\n\n\n<li class=\"has-medium-font-size\"><strong><a href=\"https:\/\/severnisij.si\/index.php\/2024\/04\/01\/severni-sij-v-letu-1859\/\">1859<\/a><\/strong><\/li>\n<\/ul>\n\n\n\n<p style=\"font-size:16px\">Za poro\u010dila o videnjih severnega sija v Sloveniji priporo\u010damo ogled <a href=\"https:\/\/www.youtube.com\/@SloveniaSkies\">Youtube kanala Javorja Kaca &#8211; Skies of Slovenia<\/a> in bloga <a href=\"https:\/\/www.simonk.si\/\">Simona Krulca<\/a>.<\/p>\n\n\n\n<p><\/p>\n","protected":false},"excerpt":{"rendered":"<p>Videnja severnega sija v Sloveniji so do nedavnega bila redka, v zadnjih letih pa postajajo vse pogostej\u0161a. Na tej strani so zbrana videnja severnega sija v Sloveniji od prve polovice 20. stoletja naprej. Stran sproti nadgrajujemo z novimi poro\u010dili in pri\u010devanji. Videnja severnega sija v Sloveniji &#8211; 20. november 2003. Foto: Javor Kac &#8211; Skies [&hellip;]<\/p>\n","protected":false},"author":1,"featured_media":60,"parent":0,"menu_order":0,"comment_status":"closed","ping_status":"closed","template":"","meta":{"ngg_post_thumbnail":2,"footnotes":""},"class_list":["post-55","page","type-page","status-publish","has-post-thumbnail","czr-hentry"],"yoast_head":"<!-- This site is optimized with the Yoast SEO plugin v27.2 - https:\/\/yoast.com\/product\/yoast-seo-wordpress\/ -->\n<title>Videnja severnega sija v Sloveniji - Severnisij.si<\/title>\n<meta name=\"description\" content=\"Videnja severnega sija v Sloveniji skozi zgodovino, poro\u010dila in pri\u010devanja o\u010dividcev, galerije fotografij in video posnetkov.\" \/>\n<meta name=\"robots\" content=\"index, follow, max-snippet:-1, max-image-preview:large, max-video-preview:-1\" \/>\n<link rel=\"canonical\" href=\"https:\/\/severnisij.si\/index.php\/videnja-severnega-sija-iz-slovenije\/\" \/>\n<meta property=\"og:locale\" content=\"sl_SI\" \/>\n<meta property=\"og:type\" content=\"article\" \/>\n<meta property=\"og:title\" content=\"Videnja severnega sija v Sloveniji - Severnisij.si\" \/>\n<meta property=\"og:description\" content=\"Videnja severnega sija v Sloveniji skozi zgodovino, poro\u010dila in pri\u010devanja o\u010dividcev, galerije fotografij in video posnetkov.\" \/>\n<meta property=\"og:url\" content=\"https:\/\/severnisij.si\/index.php\/videnja-severnega-sija-iz-slovenije\/\" \/>\n<meta property=\"og:site_name\" content=\"Severnisij.si\" \/>\n<meta property=\"article:modified_time\" content=\"2025-08-18T22:45:58+00:00\" \/>\n<meta property=\"og:image\" content=\"https:\/\/severnisij.si\/wp-content\/uploads\/2024\/04\/nggallery_import\/viden2-z-oznakami.jpg\" \/>\n\t<meta property=\"og:image:width\" content=\"800\" \/>\n\t<meta property=\"og:image:height\" content=\"533\" \/>\n\t<meta property=\"og:image:type\" content=\"image\/jpeg\" \/>\n<meta name=\"twitter:card\" content=\"summary_large_image\" \/>\n<meta name=\"twitter:label1\" content=\"Est. reading time\" \/>\n\t<meta name=\"twitter:data1\" content=\"4 minute\" \/>\n<script type=\"application\/ld+json\" class=\"yoast-schema-graph\">{\"@context\":\"https:\/\/schema.org\",\"@graph\":[{\"@type\":\"WebPage\",\"@id\":\"https:\/\/severnisij.si\/index.php\/videnja-severnega-sija-iz-slovenije\/\",\"url\":\"https:\/\/severnisij.si\/index.php\/videnja-severnega-sija-iz-slovenije\/\",\"name\":\"Videnja severnega sija v Sloveniji - Severnisij.si\",\"isPartOf\":{\"@id\":\"https:\/\/severnisij.si\/#website\"},\"primaryImageOfPage\":{\"@id\":\"https:\/\/severnisij.si\/index.php\/videnja-severnega-sija-iz-slovenije\/#primaryimage\"},\"image\":{\"@id\":\"https:\/\/severnisij.si\/index.php\/videnja-severnega-sija-iz-slovenije\/#primaryimage\"},\"thumbnailUrl\":\"https:\/\/severnisij.si\/wp-content\/uploads\/2024\/04\/nggallery_import\/viden2-z-oznakami.jpg\",\"datePublished\":\"2024-04-02T11:59:33+00:00\",\"dateModified\":\"2025-08-18T22:45:58+00:00\",\"description\":\"Videnja severnega sija v Sloveniji skozi zgodovino, poro\u010dila in pri\u010devanja o\u010dividcev, galerije fotografij in video posnetkov.\",\"breadcrumb\":{\"@id\":\"https:\/\/severnisij.si\/index.php\/videnja-severnega-sija-iz-slovenije\/#breadcrumb\"},\"inLanguage\":\"sl-SI\",\"potentialAction\":[{\"@type\":\"ReadAction\",\"target\":[\"https:\/\/severnisij.si\/index.php\/videnja-severnega-sija-iz-slovenije\/\"]}]},{\"@type\":\"ImageObject\",\"inLanguage\":\"sl-SI\",\"@id\":\"https:\/\/severnisij.si\/index.php\/videnja-severnega-sija-iz-slovenije\/#primaryimage\",\"url\":\"https:\/\/severnisij.si\/wp-content\/uploads\/2024\/04\/nggallery_import\/viden2-z-oznakami.jpg\",\"contentUrl\":\"https:\/\/severnisij.si\/wp-content\/uploads\/2024\/04\/nggallery_import\/viden2-z-oznakami.jpg\",\"width\":800,\"height\":533},{\"@type\":\"BreadcrumbList\",\"@id\":\"https:\/\/severnisij.si\/index.php\/videnja-severnega-sija-iz-slovenije\/#breadcrumb\",\"itemListElement\":[{\"@type\":\"ListItem\",\"position\":1,\"name\":\"Home\",\"item\":\"https:\/\/severnisij.si\/\"},{\"@type\":\"ListItem\",\"position\":2,\"name\":\"Videnja severnega sija v Sloveniji\"}]},{\"@type\":\"WebSite\",\"@id\":\"https:\/\/severnisij.si\/#website\",\"url\":\"https:\/\/severnisij.si\/\",\"name\":\"Severnisij.si\",\"description\":\"\",\"publisher\":{\"@id\":\"https:\/\/severnisij.si\/#\/schema\/person\/a64d2ca6d98df9c1fc89f6160223287c\"},\"potentialAction\":[{\"@type\":\"SearchAction\",\"target\":{\"@type\":\"EntryPoint\",\"urlTemplate\":\"https:\/\/severnisij.si\/?s={search_term_string}\"},\"query-input\":{\"@type\":\"PropertyValueSpecification\",\"valueRequired\":true,\"valueName\":\"search_term_string\"}}],\"inLanguage\":\"sl-SI\"},{\"@type\":[\"Person\",\"Organization\"],\"@id\":\"https:\/\/severnisij.si\/#\/schema\/person\/a64d2ca6d98df9c1fc89f6160223287c\",\"name\":\"admin\",\"image\":{\"@type\":\"ImageObject\",\"inLanguage\":\"sl-SI\",\"@id\":\"https:\/\/secure.gravatar.com\/avatar\/71581cd16a28ee52969f5d847d6bf8e2498b506d2b1db37f76903c119593461e?s=96&d=mm&r=g\",\"url\":\"https:\/\/secure.gravatar.com\/avatar\/71581cd16a28ee52969f5d847d6bf8e2498b506d2b1db37f76903c119593461e?s=96&d=mm&r=g\",\"contentUrl\":\"https:\/\/secure.gravatar.com\/avatar\/71581cd16a28ee52969f5d847d6bf8e2498b506d2b1db37f76903c119593461e?s=96&d=mm&r=g\",\"caption\":\"admin\"},\"logo\":{\"@id\":\"https:\/\/secure.gravatar.com\/avatar\/71581cd16a28ee52969f5d847d6bf8e2498b506d2b1db37f76903c119593461e?s=96&d=mm&r=g\"},\"sameAs\":[\"https:\/\/severnisij.si\"]}]}<\/script>\n<!-- \/ Yoast SEO plugin. -->","yoast_head_json":{"title":"Videnja severnega sija v Sloveniji - Severnisij.si","description":"Videnja severnega sija v Sloveniji skozi zgodovino, poro\u010dila in pri\u010devanja o\u010dividcev, galerije fotografij in video posnetkov.","robots":{"index":"index","follow":"follow","max-snippet":"max-snippet:-1","max-image-preview":"max-image-preview:large","max-video-preview":"max-video-preview:-1"},"canonical":"https:\/\/severnisij.si\/index.php\/videnja-severnega-sija-iz-slovenije\/","og_locale":"sl_SI","og_type":"article","og_title":"Videnja severnega sija v Sloveniji - Severnisij.si","og_description":"Videnja severnega sija v Sloveniji skozi zgodovino, poro\u010dila in pri\u010devanja o\u010dividcev, galerije fotografij in video posnetkov.","og_url":"https:\/\/severnisij.si\/index.php\/videnja-severnega-sija-iz-slovenije\/","og_site_name":"Severnisij.si","article_modified_time":"2025-08-18T22:45:58+00:00","og_image":[{"width":800,"height":533,"url":"https:\/\/severnisij.si\/wp-content\/uploads\/2024\/04\/nggallery_import\/viden2-z-oznakami.jpg","type":"image\/jpeg"}],"twitter_card":"summary_large_image","twitter_misc":{"Est. reading time":"4 minute"},"schema":{"@context":"https:\/\/schema.org","@graph":[{"@type":"WebPage","@id":"https:\/\/severnisij.si\/index.php\/videnja-severnega-sija-iz-slovenije\/","url":"https:\/\/severnisij.si\/index.php\/videnja-severnega-sija-iz-slovenije\/","name":"Videnja severnega sija v Sloveniji - Severnisij.si","isPartOf":{"@id":"https:\/\/severnisij.si\/#website"},"primaryImageOfPage":{"@id":"https:\/\/severnisij.si\/index.php\/videnja-severnega-sija-iz-slovenije\/#primaryimage"},"image":{"@id":"https:\/\/severnisij.si\/index.php\/videnja-severnega-sija-iz-slovenije\/#primaryimage"},"thumbnailUrl":"https:\/\/severnisij.si\/wp-content\/uploads\/2024\/04\/nggallery_import\/viden2-z-oznakami.jpg","datePublished":"2024-04-02T11:59:33+00:00","dateModified":"2025-08-18T22:45:58+00:00","description":"Videnja severnega sija v Sloveniji skozi zgodovino, poro\u010dila in pri\u010devanja o\u010dividcev, galerije fotografij in video posnetkov.","breadcrumb":{"@id":"https:\/\/severnisij.si\/index.php\/videnja-severnega-sija-iz-slovenije\/#breadcrumb"},"inLanguage":"sl-SI","potentialAction":[{"@type":"ReadAction","target":["https:\/\/severnisij.si\/index.php\/videnja-severnega-sija-iz-slovenije\/"]}]},{"@type":"ImageObject","inLanguage":"sl-SI","@id":"https:\/\/severnisij.si\/index.php\/videnja-severnega-sija-iz-slovenije\/#primaryimage","url":"https:\/\/severnisij.si\/wp-content\/uploads\/2024\/04\/nggallery_import\/viden2-z-oznakami.jpg","contentUrl":"https:\/\/severnisij.si\/wp-content\/uploads\/2024\/04\/nggallery_import\/viden2-z-oznakami.jpg","width":800,"height":533},{"@type":"BreadcrumbList","@id":"https:\/\/severnisij.si\/index.php\/videnja-severnega-sija-iz-slovenije\/#breadcrumb","itemListElement":[{"@type":"ListItem","position":1,"name":"Home","item":"https:\/\/severnisij.si\/"},{"@type":"ListItem","position":2,"name":"Videnja severnega sija v Sloveniji"}]},{"@type":"WebSite","@id":"https:\/\/severnisij.si\/#website","url":"https:\/\/severnisij.si\/","name":"Severnisij.si","description":"","publisher":{"@id":"https:\/\/severnisij.si\/#\/schema\/person\/a64d2ca6d98df9c1fc89f6160223287c"},"potentialAction":[{"@type":"SearchAction","target":{"@type":"EntryPoint","urlTemplate":"https:\/\/severnisij.si\/?s={search_term_string}"},"query-input":{"@type":"PropertyValueSpecification","valueRequired":true,"valueName":"search_term_string"}}],"inLanguage":"sl-SI"},{"@type":["Person","Organization"],"@id":"https:\/\/severnisij.si\/#\/schema\/person\/a64d2ca6d98df9c1fc89f6160223287c","name":"admin","image":{"@type":"ImageObject","inLanguage":"sl-SI","@id":"https:\/\/secure.gravatar.com\/avatar\/71581cd16a28ee52969f5d847d6bf8e2498b506d2b1db37f76903c119593461e?s=96&d=mm&r=g","url":"https:\/\/secure.gravatar.com\/avatar\/71581cd16a28ee52969f5d847d6bf8e2498b506d2b1db37f76903c119593461e?s=96&d=mm&r=g","contentUrl":"https:\/\/secure.gravatar.com\/avatar\/71581cd16a28ee52969f5d847d6bf8e2498b506d2b1db37f76903c119593461e?s=96&d=mm&r=g","caption":"admin"},"logo":{"@id":"https:\/\/secure.gravatar.com\/avatar\/71581cd16a28ee52969f5d847d6bf8e2498b506d2b1db37f76903c119593461e?s=96&d=mm&r=g"},"sameAs":["https:\/\/severnisij.si"]}]}},"_links":{"self":[{"href":"https:\/\/severnisij.si\/index.php\/wp-json\/wp\/v2\/pages\/55","targetHints":{"allow":["GET"]}}],"collection":[{"href":"https:\/\/severnisij.si\/index.php\/wp-json\/wp\/v2\/pages"}],"about":[{"href":"https:\/\/severnisij.si\/index.php\/wp-json\/wp\/v2\/types\/page"}],"author":[{"embeddable":true,"href":"https:\/\/severnisij.si\/index.php\/wp-json\/wp\/v2\/users\/1"}],"replies":[{"embeddable":true,"href":"https:\/\/severnisij.si\/index.php\/wp-json\/wp\/v2\/comments?post=55"}],"version-history":[{"count":51,"href":"https:\/\/severnisij.si\/index.php\/wp-json\/wp\/v2\/pages\/55\/revisions"}],"predecessor-version":[{"id":2917,"href":"https:\/\/severnisij.si\/index.php\/wp-json\/wp\/v2\/pages\/55\/revisions\/2917"}],"wp:featuredmedia":[{"embeddable":true,"href":"https:\/\/severnisij.si\/index.php\/wp-json\/wp\/v2\/media\/60"}],"wp:attachment":[{"href":"https:\/\/severnisij.si\/index.php\/wp-json\/wp\/v2\/media?parent=55"}],"curies":[{"name":"wp","href":"https:\/\/api.w.org\/{rel}","templated":true}]}}