{"id":1849,"date":"2025-04-13T23:05:46","date_gmt":"2025-04-13T23:05:46","guid":{"rendered":"https:\/\/severnisij.si\/?page_id=1849"},"modified":"2025-08-18T15:12:04","modified_gmt":"2025-08-18T15:12:04","slug":"razlaga-verjetnosti-severnega-sija-pri-nas","status":"publish","type":"page","link":"https:\/\/severnisij.si\/index.php\/razlaga-verjetnosti-severnega-sija-pri-nas\/","title":{"rendered":"Razlaga verjetnosti severnega sija v Sloveniji"},"content":{"rendered":"\n<h2 class=\"wp-block-heading\">Verjetnost severnega sija<\/h2>\n\n\n\n<figure class=\"wp-block-table\"><table class=\"has-fixed-layout\"><tbody><tr><td><strong>severni sij ni pri\u010dakovan<\/strong> &#8211; pri\u010dakovani pogoji niso ugodni za pove\u010dano geomagnetno aktivnost in severni sij, viden iz Slovenije.<\/td><td class=\"has-text-align-center\" data-align=\"center\">\u26ab\u26ab\u26ab\u26ab\u26ab<\/td><\/tr><tr><td><strong>zelo majhna verjetnost severnega sija pri nas<\/strong> &#8211; pri\u010dakovani pogoji so ugodni za geomagnetni vihar kategorije G1, zelo \u0161ibek in neizrazit severni sij bo morda viden na temnem nebu v kratkih obdobjih, z dolgimi vmesnimi obdobji brez aktivnosti.<\/td><td class=\"has-text-align-center\" data-align=\"center\">\ud83d\udd34\u26ab\u26ab\u26ab\u26ab<\/td><\/tr><tr><td><strong>majhna verjetnost severnega sija pri nas<\/strong> &#8211; pri\u010dakovani pogoji so ugodni za geomagnetni vihar do kategorije G2, \u0161ibek in razmeroma neizrazit severni sij bo morda viden na temnem nebu v kraj\u0161ih obdobjih, z dalj\u0161imi vmesnimi obdobji brez aktivnosti.<\/td><td class=\"has-text-align-center\" data-align=\"center\">\ud83d\udd34\ud83d\udd34\u26ab\u26ab\u26ab<\/td><\/tr><tr><td><strong>zmerna verjetnost severnega sija pri nas<\/strong> &#8211; pri\u010dakovani pogoji so ugodni za geomagnetni vihar do kategorije G3, zmerno svetel in izrazit severni sij bo morda viden na temnem nebu in zaznaven iz bolj svetlobno onesna\u017eenih urbanih obmo\u010dij.Aktivnost lahko traja dlje, v kraj\u0161ih ali dalj\u0161ih obdobjih izrazitej\u0161e aktivnosti in vmesnih obdobjih manj\u0161e aktivnosti.<\/td><td class=\"has-text-align-center\" data-align=\"center\">\ud83d\udd34\ud83d\udd34\ud83d\udd34\u26ab\u26ab<\/td><\/tr><tr><td><strong>velika verjetnost severnega sija pri nas<\/strong> &#8211; pri\u010dakovani pogoji so ugodni za geomagnetni vihar do kategorije G4, svetel in izrazit severni sij bo viden na temnem nebu in manj izrazito iz bolj svetlobno onesna\u017eenih urbanih obmo\u010dij. Aktivnost je lahko skoraj neprekinjena, z valovi bolj intenzivne aktivnosti in vmesnimi bolj zati\u0161nimi obdobji.<\/td><td class=\"has-text-align-center\" data-align=\"center\">\ud83d\udd34\ud83d\udd34\ud83d\udd34\ud83d\udd34\u26ab<\/td><\/tr><tr><td><strong>zelo velika verjetnost severnega sija pri nas<\/strong> &#8211; pri\u010dakovani pogoji so ugodni za geomagnetni vihar do kategorije G5, zelo svetel in zelo izrazit severni sij bo viden na temnem nebu, lahko tudi iz bolj svetlobno onesna\u017eenih urbanih obmo\u010dij. Aktivnost je lahko neprekinjena, z valovi bolj intenzivne aktivnosti in vmesnimi bolj zati\u0161nimi obdobji.<\/td><td class=\"has-text-align-center\" data-align=\"center\">\ud83d\udd34\ud83d\udd34\ud83d\udd34\ud83d\udd34\ud83d\udd34<\/td><\/tr><\/tbody><\/table><\/figure>\n\n\n\n<h2 class=\"wp-block-heading\">Primeri severnega sija pri razli\u010dnih stopnjah verjetnosti<\/h2>\n\n\n\n<p style=\"font-size:16px\">Primera severnega sija, pri napovedi \ud83d\udd34\u26ab\u26ab\u26ab\u26ab in \ud83d\udd34\ud83d\udd34\ud83d\udd34\ud83d\udd34\ud83d\udd34:<\/p>\n\n\n<div class=\"wp-block-image\">\n<figure class=\"aligncenter size-full is-resized\"><img fetchpriority=\"high\" decoding=\"async\" width=\"912\" height=\"608\" src=\"https:\/\/severnisij.si\/wp-content\/uploads\/2024\/09\/Severni_sij_14avgust2024_MedvedjeBrdo_JavorKac_naslovna.jpg\" alt=\"\" class=\"wp-image-1572\" style=\"width:800px\" srcset=\"https:\/\/severnisij.si\/wp-content\/uploads\/2024\/09\/Severni_sij_14avgust2024_MedvedjeBrdo_JavorKac_naslovna.jpg 912w, https:\/\/severnisij.si\/wp-content\/uploads\/2024\/09\/Severni_sij_14avgust2024_MedvedjeBrdo_JavorKac_naslovna-300x200.jpg 300w, https:\/\/severnisij.si\/wp-content\/uploads\/2024\/09\/Severni_sij_14avgust2024_MedvedjeBrdo_JavorKac_naslovna-768x512.jpg 768w\" sizes=\"(max-width: 912px) 100vw, 912px\" \/><\/figure>\n<\/div>\n\n\n<p class=\"has-text-align-center has-small-font-size\">\ud83d\udd34\u26ab\u26ab\u26ab\u26ab <em>&#8211; komaj zaznaven rde\u010dast sij nizko nad severnim obzorjem. Foto: <a href=\"https:\/\/www.youtube.com\/@SloveniaSkies\">Javor Kac<\/a>.<\/em><\/p>\n\n\n<div class=\"wp-block-image\">\n<figure class=\"aligncenter size-large is-resized\"><img decoding=\"async\" width=\"1024\" height=\"683\" data-src=\"https:\/\/severnisij.si\/wp-content\/uploads\/2024\/06\/severni_sij_10maj2024_2val_2_not-1024x683.jpg\" alt=\"\" class=\"wp-image-1349 lazyload\" style=\"--smush-placeholder-width: 1024px; --smush-placeholder-aspect-ratio: 1024\/683;width:800px\" data-srcset=\"https:\/\/severnisij.si\/wp-content\/uploads\/2024\/06\/severni_sij_10maj2024_2val_2_not-1024x683.jpg 1024w, https:\/\/severnisij.si\/wp-content\/uploads\/2024\/06\/severni_sij_10maj2024_2val_2_not-300x200.jpg 300w, https:\/\/severnisij.si\/wp-content\/uploads\/2024\/06\/severni_sij_10maj2024_2val_2_not-768x512.jpg 768w, https:\/\/severnisij.si\/wp-content\/uploads\/2024\/06\/severni_sij_10maj2024_2val_2_not.jpg 1200w\" data-sizes=\"(max-width: 1024px) 100vw, 1024px\" src=\"data:image\/svg+xml;base64,PHN2ZyB3aWR0aD0iMSIgaGVpZ2h0PSIxIiB4bWxucz0iaHR0cDovL3d3dy53My5vcmcvMjAwMC9zdmciPjwvc3ZnPg==\" \/><\/figure>\n<\/div>\n\n\n<p class=\"has-text-align-center has-small-font-size\">\ud83d\udd34\ud83d\udd34\ud83d\udd34\ud83d\udd34\ud83d\udd34 <em>&#8211; zelo svetel in izrazit severni sij, ki prekriva velik del neba. Foto: Jure Atanackov.<\/em><\/p>\n\n\n\n<p style=\"font-size:16px\">Preberite ve\u010d o vidnosti severnega sija iz Slovenije pri razli\u010dnih kategorijah (jakostih) geomagnetnih viharjev na <a href=\"https:\/\/severnisij.si\/index.php\/2024\/04\/01\/stopnje-geomagnetnih-viharjev-in-vidnost-severnega-sija-iz-slovenije\/\">spodnji povezavi<\/a>:<\/p>\n\n\n\n<figure class=\"wp-block-embed aligncenter is-type-wp-embed is-provider-severnisij-si wp-block-embed-severnisij-si\"><div class=\"wp-block-embed__wrapper\">\n<blockquote class=\"wp-embedded-content\" data-secret=\"XmeRAoKQzI\"><a href=\"https:\/\/severnisij.si\/index.php\/2024\/04\/01\/kako-se-vidi-severni-sij-v-sloveniji-kategorije-viharjev\/\">Kako se vidi severni sij v Sloveniji?<\/a><\/blockquote><iframe class=\"wp-embedded-content lazyload\" sandbox=\"allow-scripts\" security=\"restricted\" style=\"position: absolute; visibility: hidden;\" title=\"&#8220;Kako se vidi severni sij v Sloveniji?&#8221; &#8212; Severnisij.si\" data-src=\"https:\/\/severnisij.si\/index.php\/2024\/04\/01\/kako-se-vidi-severni-sij-v-sloveniji-kategorije-viharjev\/embed\/#?secret=QiIZb9LtlM#?secret=XmeRAoKQzI\" data-secret=\"XmeRAoKQzI\" width=\"600\" height=\"338\" frameborder=\"0\" marginwidth=\"0\" marginheight=\"0\" scrolling=\"no\" src=\"data:image\/svg+xml;base64,PHN2ZyB3aWR0aD0iMSIgaGVpZ2h0PSIxIiB4bWxucz0iaHR0cDovL3d3dy53My5vcmcvMjAwMC9zdmciPjwvc3ZnPg==\" data-load-mode=\"1\"><\/iframe>\n<\/div><\/figure>\n\n\n\n<p><a href=\"https:\/\/www.swpc.noaa.gov\/noaa-scales-explanation\">Ve\u010d o kategorijah geomagnetnih viharjev na splo\u0161no najdete na straneh NOAA Space Weather Prediction Center.<\/a><\/p>\n","protected":false},"excerpt":{"rendered":"<p>Verjetnost severnega sija severni sij ni pri\u010dakovan &#8211; pri\u010dakovani pogoji niso ugodni za pove\u010dano geomagnetno aktivnost in severni sij, viden iz Slovenije. \u26ab\u26ab\u26ab\u26ab\u26ab zelo majhna verjetnost severnega sija pri nas &#8211; pri\u010dakovani pogoji so ugodni za geomagnetni vihar kategorije G1, zelo \u0161ibek in neizrazit severni sij bo morda viden na temnem nebu v kratkih obdobjih, [&hellip;]<\/p>\n","protected":false},"author":1,"featured_media":0,"parent":0,"menu_order":0,"comment_status":"closed","ping_status":"closed","template":"","meta":{"ngg_post_thumbnail":0,"footnotes":""},"class_list":["post-1849","page","type-page","status-publish","czr-hentry"],"yoast_head":"<!-- This site is optimized with the Yoast SEO plugin v27.2 - https:\/\/yoast.com\/product\/yoast-seo-wordpress\/ -->\n<title>Razlaga verjetnosti severnega sija v Sloveniji<\/title>\n<meta name=\"description\" content=\"Razlaga verjetnosti severnega sija v Sloveniji z opisi in simboli za vse pri\u010dakovane jakosti geomagnetnih viharjev.\" \/>\n<meta name=\"robots\" content=\"index, follow, max-snippet:-1, max-image-preview:large, max-video-preview:-1\" \/>\n<link rel=\"canonical\" href=\"https:\/\/severnisij.si\/index.php\/razlaga-verjetnosti-severnega-sija-pri-nas\/\" \/>\n<meta property=\"og:locale\" content=\"sl_SI\" \/>\n<meta property=\"og:type\" content=\"article\" \/>\n<meta property=\"og:title\" content=\"Razlaga verjetnosti severnega sija v Sloveniji\" \/>\n<meta property=\"og:description\" content=\"Razlaga verjetnosti severnega sija v Sloveniji z opisi in simboli za vse pri\u010dakovane jakosti geomagnetnih viharjev.\" \/>\n<meta property=\"og:url\" content=\"https:\/\/severnisij.si\/index.php\/razlaga-verjetnosti-severnega-sija-pri-nas\/\" \/>\n<meta property=\"og:site_name\" content=\"Severnisij.si\" \/>\n<meta property=\"article:modified_time\" content=\"2025-08-18T15:12:04+00:00\" \/>\n<meta property=\"og:image\" content=\"https:\/\/severnisij.si\/wp-content\/uploads\/2024\/09\/Severni_sij_14avgust2024_MedvedjeBrdo_JavorKac_naslovna.jpg\" \/>\n\t<meta property=\"og:image:width\" content=\"912\" \/>\n\t<meta property=\"og:image:height\" content=\"608\" \/>\n\t<meta property=\"og:image:type\" content=\"image\/jpeg\" \/>\n<meta name=\"twitter:card\" content=\"summary_large_image\" \/>\n<meta name=\"twitter:label1\" content=\"Est. reading time\" \/>\n\t<meta name=\"twitter:data1\" content=\"3 minute\" \/>\n<script type=\"application\/ld+json\" class=\"yoast-schema-graph\">{\"@context\":\"https:\/\/schema.org\",\"@graph\":[{\"@type\":\"WebPage\",\"@id\":\"https:\/\/severnisij.si\/index.php\/razlaga-verjetnosti-severnega-sija-pri-nas\/\",\"url\":\"https:\/\/severnisij.si\/index.php\/razlaga-verjetnosti-severnega-sija-pri-nas\/\",\"name\":\"Razlaga verjetnosti severnega sija v Sloveniji\",\"isPartOf\":{\"@id\":\"https:\/\/severnisij.si\/#website\"},\"primaryImageOfPage\":{\"@id\":\"https:\/\/severnisij.si\/index.php\/razlaga-verjetnosti-severnega-sija-pri-nas\/#primaryimage\"},\"image\":{\"@id\":\"https:\/\/severnisij.si\/index.php\/razlaga-verjetnosti-severnega-sija-pri-nas\/#primaryimage\"},\"thumbnailUrl\":\"https:\/\/severnisij.si\/wp-content\/uploads\/2024\/09\/Severni_sij_14avgust2024_MedvedjeBrdo_JavorKac_naslovna.jpg\",\"datePublished\":\"2025-04-13T23:05:46+00:00\",\"dateModified\":\"2025-08-18T15:12:04+00:00\",\"description\":\"Razlaga verjetnosti severnega sija v Sloveniji z opisi in simboli za vse pri\u010dakovane jakosti geomagnetnih viharjev.\",\"breadcrumb\":{\"@id\":\"https:\/\/severnisij.si\/index.php\/razlaga-verjetnosti-severnega-sija-pri-nas\/#breadcrumb\"},\"inLanguage\":\"sl-SI\",\"potentialAction\":[{\"@type\":\"ReadAction\",\"target\":[\"https:\/\/severnisij.si\/index.php\/razlaga-verjetnosti-severnega-sija-pri-nas\/\"]}]},{\"@type\":\"ImageObject\",\"inLanguage\":\"sl-SI\",\"@id\":\"https:\/\/severnisij.si\/index.php\/razlaga-verjetnosti-severnega-sija-pri-nas\/#primaryimage\",\"url\":\"https:\/\/severnisij.si\/wp-content\/uploads\/2024\/09\/Severni_sij_14avgust2024_MedvedjeBrdo_JavorKac_naslovna.jpg\",\"contentUrl\":\"https:\/\/severnisij.si\/wp-content\/uploads\/2024\/09\/Severni_sij_14avgust2024_MedvedjeBrdo_JavorKac_naslovna.jpg\",\"width\":912,\"height\":608},{\"@type\":\"BreadcrumbList\",\"@id\":\"https:\/\/severnisij.si\/index.php\/razlaga-verjetnosti-severnega-sija-pri-nas\/#breadcrumb\",\"itemListElement\":[{\"@type\":\"ListItem\",\"position\":1,\"name\":\"Home\",\"item\":\"https:\/\/severnisij.si\/\"},{\"@type\":\"ListItem\",\"position\":2,\"name\":\"Razlaga verjetnosti severnega sija v Sloveniji\"}]},{\"@type\":\"WebSite\",\"@id\":\"https:\/\/severnisij.si\/#website\",\"url\":\"https:\/\/severnisij.si\/\",\"name\":\"Severnisij.si\",\"description\":\"\",\"publisher\":{\"@id\":\"https:\/\/severnisij.si\/#\/schema\/person\/a64d2ca6d98df9c1fc89f6160223287c\"},\"potentialAction\":[{\"@type\":\"SearchAction\",\"target\":{\"@type\":\"EntryPoint\",\"urlTemplate\":\"https:\/\/severnisij.si\/?s={search_term_string}\"},\"query-input\":{\"@type\":\"PropertyValueSpecification\",\"valueRequired\":true,\"valueName\":\"search_term_string\"}}],\"inLanguage\":\"sl-SI\"},{\"@type\":[\"Person\",\"Organization\"],\"@id\":\"https:\/\/severnisij.si\/#\/schema\/person\/a64d2ca6d98df9c1fc89f6160223287c\",\"name\":\"admin\",\"image\":{\"@type\":\"ImageObject\",\"inLanguage\":\"sl-SI\",\"@id\":\"https:\/\/secure.gravatar.com\/avatar\/71581cd16a28ee52969f5d847d6bf8e2498b506d2b1db37f76903c119593461e?s=96&d=mm&r=g\",\"url\":\"https:\/\/secure.gravatar.com\/avatar\/71581cd16a28ee52969f5d847d6bf8e2498b506d2b1db37f76903c119593461e?s=96&d=mm&r=g\",\"contentUrl\":\"https:\/\/secure.gravatar.com\/avatar\/71581cd16a28ee52969f5d847d6bf8e2498b506d2b1db37f76903c119593461e?s=96&d=mm&r=g\",\"caption\":\"admin\"},\"logo\":{\"@id\":\"https:\/\/secure.gravatar.com\/avatar\/71581cd16a28ee52969f5d847d6bf8e2498b506d2b1db37f76903c119593461e?s=96&d=mm&r=g\"},\"sameAs\":[\"https:\/\/severnisij.si\"]}]}<\/script>\n<!-- \/ Yoast SEO plugin. -->","yoast_head_json":{"title":"Razlaga verjetnosti severnega sija v Sloveniji","description":"Razlaga verjetnosti severnega sija v Sloveniji z opisi in simboli za vse pri\u010dakovane jakosti geomagnetnih viharjev.","robots":{"index":"index","follow":"follow","max-snippet":"max-snippet:-1","max-image-preview":"max-image-preview:large","max-video-preview":"max-video-preview:-1"},"canonical":"https:\/\/severnisij.si\/index.php\/razlaga-verjetnosti-severnega-sija-pri-nas\/","og_locale":"sl_SI","og_type":"article","og_title":"Razlaga verjetnosti severnega sija v Sloveniji","og_description":"Razlaga verjetnosti severnega sija v Sloveniji z opisi in simboli za vse pri\u010dakovane jakosti geomagnetnih viharjev.","og_url":"https:\/\/severnisij.si\/index.php\/razlaga-verjetnosti-severnega-sija-pri-nas\/","og_site_name":"Severnisij.si","article_modified_time":"2025-08-18T15:12:04+00:00","og_image":[{"width":912,"height":608,"url":"https:\/\/severnisij.si\/wp-content\/uploads\/2024\/09\/Severni_sij_14avgust2024_MedvedjeBrdo_JavorKac_naslovna.jpg","type":"image\/jpeg"}],"twitter_card":"summary_large_image","twitter_misc":{"Est. reading time":"3 minute"},"schema":{"@context":"https:\/\/schema.org","@graph":[{"@type":"WebPage","@id":"https:\/\/severnisij.si\/index.php\/razlaga-verjetnosti-severnega-sija-pri-nas\/","url":"https:\/\/severnisij.si\/index.php\/razlaga-verjetnosti-severnega-sija-pri-nas\/","name":"Razlaga verjetnosti severnega sija v Sloveniji","isPartOf":{"@id":"https:\/\/severnisij.si\/#website"},"primaryImageOfPage":{"@id":"https:\/\/severnisij.si\/index.php\/razlaga-verjetnosti-severnega-sija-pri-nas\/#primaryimage"},"image":{"@id":"https:\/\/severnisij.si\/index.php\/razlaga-verjetnosti-severnega-sija-pri-nas\/#primaryimage"},"thumbnailUrl":"https:\/\/severnisij.si\/wp-content\/uploads\/2024\/09\/Severni_sij_14avgust2024_MedvedjeBrdo_JavorKac_naslovna.jpg","datePublished":"2025-04-13T23:05:46+00:00","dateModified":"2025-08-18T15:12:04+00:00","description":"Razlaga verjetnosti severnega sija v Sloveniji z opisi in simboli za vse pri\u010dakovane jakosti geomagnetnih viharjev.","breadcrumb":{"@id":"https:\/\/severnisij.si\/index.php\/razlaga-verjetnosti-severnega-sija-pri-nas\/#breadcrumb"},"inLanguage":"sl-SI","potentialAction":[{"@type":"ReadAction","target":["https:\/\/severnisij.si\/index.php\/razlaga-verjetnosti-severnega-sija-pri-nas\/"]}]},{"@type":"ImageObject","inLanguage":"sl-SI","@id":"https:\/\/severnisij.si\/index.php\/razlaga-verjetnosti-severnega-sija-pri-nas\/#primaryimage","url":"https:\/\/severnisij.si\/wp-content\/uploads\/2024\/09\/Severni_sij_14avgust2024_MedvedjeBrdo_JavorKac_naslovna.jpg","contentUrl":"https:\/\/severnisij.si\/wp-content\/uploads\/2024\/09\/Severni_sij_14avgust2024_MedvedjeBrdo_JavorKac_naslovna.jpg","width":912,"height":608},{"@type":"BreadcrumbList","@id":"https:\/\/severnisij.si\/index.php\/razlaga-verjetnosti-severnega-sija-pri-nas\/#breadcrumb","itemListElement":[{"@type":"ListItem","position":1,"name":"Home","item":"https:\/\/severnisij.si\/"},{"@type":"ListItem","position":2,"name":"Razlaga verjetnosti severnega sija v Sloveniji"}]},{"@type":"WebSite","@id":"https:\/\/severnisij.si\/#website","url":"https:\/\/severnisij.si\/","name":"Severnisij.si","description":"","publisher":{"@id":"https:\/\/severnisij.si\/#\/schema\/person\/a64d2ca6d98df9c1fc89f6160223287c"},"potentialAction":[{"@type":"SearchAction","target":{"@type":"EntryPoint","urlTemplate":"https:\/\/severnisij.si\/?s={search_term_string}"},"query-input":{"@type":"PropertyValueSpecification","valueRequired":true,"valueName":"search_term_string"}}],"inLanguage":"sl-SI"},{"@type":["Person","Organization"],"@id":"https:\/\/severnisij.si\/#\/schema\/person\/a64d2ca6d98df9c1fc89f6160223287c","name":"admin","image":{"@type":"ImageObject","inLanguage":"sl-SI","@id":"https:\/\/secure.gravatar.com\/avatar\/71581cd16a28ee52969f5d847d6bf8e2498b506d2b1db37f76903c119593461e?s=96&d=mm&r=g","url":"https:\/\/secure.gravatar.com\/avatar\/71581cd16a28ee52969f5d847d6bf8e2498b506d2b1db37f76903c119593461e?s=96&d=mm&r=g","contentUrl":"https:\/\/secure.gravatar.com\/avatar\/71581cd16a28ee52969f5d847d6bf8e2498b506d2b1db37f76903c119593461e?s=96&d=mm&r=g","caption":"admin"},"logo":{"@id":"https:\/\/secure.gravatar.com\/avatar\/71581cd16a28ee52969f5d847d6bf8e2498b506d2b1db37f76903c119593461e?s=96&d=mm&r=g"},"sameAs":["https:\/\/severnisij.si"]}]}},"_links":{"self":[{"href":"https:\/\/severnisij.si\/index.php\/wp-json\/wp\/v2\/pages\/1849","targetHints":{"allow":["GET"]}}],"collection":[{"href":"https:\/\/severnisij.si\/index.php\/wp-json\/wp\/v2\/pages"}],"about":[{"href":"https:\/\/severnisij.si\/index.php\/wp-json\/wp\/v2\/types\/page"}],"author":[{"embeddable":true,"href":"https:\/\/severnisij.si\/index.php\/wp-json\/wp\/v2\/users\/1"}],"replies":[{"embeddable":true,"href":"https:\/\/severnisij.si\/index.php\/wp-json\/wp\/v2\/comments?post=1849"}],"version-history":[{"count":18,"href":"https:\/\/severnisij.si\/index.php\/wp-json\/wp\/v2\/pages\/1849\/revisions"}],"predecessor-version":[{"id":2909,"href":"https:\/\/severnisij.si\/index.php\/wp-json\/wp\/v2\/pages\/1849\/revisions\/2909"}],"wp:attachment":[{"href":"https:\/\/severnisij.si\/index.php\/wp-json\/wp\/v2\/media?parent=1849"}],"curies":[{"name":"wp","href":"https:\/\/api.w.org\/{rel}","templated":true}]}}